{"id":6,"date":"2020-04-23T14:18:42","date_gmt":"2020-04-23T12:18:42","guid":{"rendered":"https:\/\/www.empresaysociedad.org\/premios-comprendedor-2020\/?page_id=6"},"modified":"2020-10-13T22:07:02","modified_gmt":"2020-10-13T20:07:02","slug":"info","status":"publish","type":"page","link":"https:\/\/www.empresaysociedad.org\/premios-comprendedor-2020\/info\/","title":{"rendered":"+ Info"},"content":{"rendered":"\t\t<div data-elementor-type=\"wp-page\" data-elementor-id=\"6\" class=\"elementor elementor-6\" data-elementor-post-type=\"page\">\n\t\t\t\t\t\t<section class=\"elementor-section elementor-top-section elementor-element elementor-element-34f5687 elementor-hidden-phone elementor-section-boxed elementor-section-height-default elementor-section-height-default\" data-id=\"34f5687\" data-element_type=\"section\">\n\t\t\t\t\t\t<div class=\"elementor-container elementor-column-gap-default\">\n\t\t\t\t\t<div class=\"elementor-column elementor-col-100 elementor-top-column elementor-element elementor-element-ccb485a\" data-id=\"ccb485a\" data-element_type=\"column\">\n\t\t\t<div class=\"elementor-widget-wrap elementor-element-populated\">\n\t\t\t\t\t\t<div class=\"elementor-element elementor-element-2b75e3a elementor-widget elementor-widget-spacer\" data-id=\"2b75e3a\" data-element_type=\"widget\" data-widget_type=\"spacer.default\">\n\t\t\t\t<div class=\"elementor-widget-container\">\n\t\t\t\t\t\t\t<div class=\"elementor-spacer\">\n\t\t\t<div class=\"elementor-spacer-inner\"><\/div>\n\t\t<\/div>\n\t\t\t\t\t\t<\/div>\n\t\t\t\t<\/div>\n\t\t\t\t\t<\/div>\n\t\t<\/div>\n\t\t\t\t\t<\/div>\n\t\t<\/section>\n\t\t\t\t<section class=\"elementor-section elementor-top-section elementor-element elementor-element-c763fd2 elementor-section-boxed elementor-section-height-default elementor-section-height-default\" data-id=\"c763fd2\" data-element_type=\"section\" data-settings=\"{&quot;background_background&quot;:&quot;classic&quot;}\">\n\t\t\t\t\t\t<div class=\"elementor-container elementor-column-gap-default\">\n\t\t\t\t\t<div class=\"elementor-column elementor-col-100 elementor-top-column elementor-element elementor-element-ab63fc3\" data-id=\"ab63fc3\" data-element_type=\"column\">\n\t\t\t<div class=\"elementor-widget-wrap elementor-element-populated\">\n\t\t\t\t\t\t<div class=\"elementor-element elementor-element-12ca76f elementor-widget elementor-widget-accordion\" data-id=\"12ca76f\" data-element_type=\"widget\" data-widget_type=\"accordion.default\">\n\t\t\t\t<div class=\"elementor-widget-container\">\n\t\t\t\t\t\t\t<div class=\"elementor-accordion\">\n\t\t\t\t\t\t\t<div class=\"elementor-accordion-item\">\n\t\t\t\t\t<div id=\"elementor-tab-title-1971\" class=\"elementor-tab-title\" data-tab=\"1\" role=\"button\" aria-controls=\"elementor-tab-content-1971\" aria-expanded=\"false\">\n\t\t\t\t\t\t\t\t\t\t\t\t\t<span class=\"elementor-accordion-icon elementor-accordion-icon-left\" aria-hidden=\"true\">\n\t\t\t\t\t\t\t\t\t\t\t\t\t\t\t<span class=\"elementor-accordion-icon-closed\"><i class=\"fas fa-plus\"><\/i><\/span>\n\t\t\t\t\t\t\t\t<span class=\"elementor-accordion-icon-opened\"><i class=\"fas fa-minus\"><\/i><\/span>\n\t\t\t\t\t\t\t\t\t\t\t\t\t\t<\/span>\n\t\t\t\t\t\t\t\t\t\t\t\t<a class=\"elementor-accordion-title\" tabindex=\"0\">PRESENTACI\u00d3N<\/a>\n\t\t\t\t\t<\/div>\n\t\t\t\t\t<div id=\"elementor-tab-content-1971\" class=\"elementor-tab-content elementor-clearfix\" data-tab=\"1\" role=\"region\" aria-labelledby=\"elementor-tab-title-1971\"><p>La Fundaci\u00f3n Empresa y Sociedad (<strong>Empresa<\/strong><span style=\"color: #ff0000;\"><strong>&amp;<\/strong><\/span><strong>Sociedad<\/strong>) presenta los Premios <strong>COMPRENDEDOR 2020<\/strong>, dirigidos a generar cambio social reconociendo\u00a0<span style=\"color: #ff0000;\">CASOS<\/span> inspiradores de colaboraci\u00f3n cliente-proveedor entre empresas y <em>scaleups<\/em> mediante <strong>soluciones de implantaci\u00f3n r\u00e1pida<\/strong>.<\/p><p>Convocados por primera vez en 2014, celebran este a\u00f1o su s\u00e9ptima edici\u00f3n.<\/p><\/div>\n\t\t\t\t<\/div>\n\t\t\t\t\t\t\t<div class=\"elementor-accordion-item\">\n\t\t\t\t\t<div id=\"elementor-tab-title-1972\" class=\"elementor-tab-title\" data-tab=\"2\" role=\"button\" aria-controls=\"elementor-tab-content-1972\" aria-expanded=\"false\">\n\t\t\t\t\t\t\t\t\t\t\t\t\t<span class=\"elementor-accordion-icon elementor-accordion-icon-left\" aria-hidden=\"true\">\n\t\t\t\t\t\t\t\t\t\t\t\t\t\t\t<span class=\"elementor-accordion-icon-closed\"><i class=\"fas fa-plus\"><\/i><\/span>\n\t\t\t\t\t\t\t\t<span class=\"elementor-accordion-icon-opened\"><i class=\"fas fa-minus\"><\/i><\/span>\n\t\t\t\t\t\t\t\t\t\t\t\t\t\t<\/span>\n\t\t\t\t\t\t\t\t\t\t\t\t<a class=\"elementor-accordion-title\" tabindex=\"0\">SCALEUPS<\/a>\n\t\t\t\t\t<\/div>\n\t\t\t\t\t<div id=\"elementor-tab-content-1972\" class=\"elementor-tab-content elementor-clearfix\" data-tab=\"2\" role=\"region\" aria-labelledby=\"elementor-tab-title-1972\"><p>Las <em>scaleups<\/em> son las hermanas mayores de las <em>startups<\/em>.\u00a0<\/p><p>A efectos de los <strong>Premios COMPRENDEDOR<\/strong>, las caracterizamos como:<\/p><ul><li>empresas innovadoras j\u00f3venes,<\/li><li>sin participaci\u00f3n relevante de grandes empresas en su accionariado,<\/li><li>ya con clientes empresariales y en fase de crecimiento, y<\/li><li>capaces de proponer soluciones innovadoras de implantaci\u00f3n r\u00e1pida a las distintas \u00e1reas de cualquier empresa.<\/li><\/ul><p><strong>Empresa<span style=\"color: #ff0000;\">&amp;<\/span>Sociedad <\/strong>ofrece un <a href=\"https:\/\/scaleupsb2b.org\/\">BUSCADOR de <em>scaleups<\/em><\/a> que facilita el\u00a0SCOUTING de soluciones de implantaci\u00f3n r\u00e1pida<br \/>para las principales PRIORIDADES empresariales.<\/p><\/div>\n\t\t\t\t<\/div>\n\t\t\t\t\t\t\t<div class=\"elementor-accordion-item\">\n\t\t\t\t\t<div id=\"elementor-tab-title-1973\" class=\"elementor-tab-title\" data-tab=\"3\" role=\"button\" aria-controls=\"elementor-tab-content-1973\" aria-expanded=\"false\">\n\t\t\t\t\t\t\t\t\t\t\t\t\t<span class=\"elementor-accordion-icon elementor-accordion-icon-left\" aria-hidden=\"true\">\n\t\t\t\t\t\t\t\t\t\t\t\t\t\t\t<span class=\"elementor-accordion-icon-closed\"><i class=\"fas fa-plus\"><\/i><\/span>\n\t\t\t\t\t\t\t\t<span class=\"elementor-accordion-icon-opened\"><i class=\"fas fa-minus\"><\/i><\/span>\n\t\t\t\t\t\t\t\t\t\t\t\t\t\t<\/span>\n\t\t\t\t\t\t\t\t\t\t\t\t<a class=\"elementor-accordion-title\" tabindex=\"0\">EMPRESAS, ORGANIZACIONES SOCIALES, ENTIDADES P\u00daBLICAS...<\/a>\n\t\t\t\t\t<\/div>\n\t\t\t\t\t<div id=\"elementor-tab-content-1973\" class=\"elementor-tab-content elementor-clearfix\" data-tab=\"3\" role=\"region\" aria-labelledby=\"elementor-tab-title-1973\"><p>En la documentaci\u00f3n diversa sobre los Premios COMPRENDERDOR\u00a0 hablamos de CASOS de scaleupsB2B y \u00abempresas\u00bb.<\/p><p>Entendemos por \u00abempresas\u00bb:<\/p><ul><li>Empresas propiamente dichas.<\/li><li>Organizaciones sociales y ONGs, como fundaciones, asociaciones&#8230;<\/li><li>Asociaciones de empresas.<\/li><li>Entidades p\u00fablicas de distinto tipo.<\/li><\/ul><\/div>\n\t\t\t\t<\/div>\n\t\t\t\t\t\t\t<div class=\"elementor-accordion-item\">\n\t\t\t\t\t<div id=\"elementor-tab-title-1974\" class=\"elementor-tab-title\" data-tab=\"4\" role=\"button\" aria-controls=\"elementor-tab-content-1974\" aria-expanded=\"false\">\n\t\t\t\t\t\t\t\t\t\t\t\t\t<span class=\"elementor-accordion-icon elementor-accordion-icon-left\" aria-hidden=\"true\">\n\t\t\t\t\t\t\t\t\t\t\t\t\t\t\t<span class=\"elementor-accordion-icon-closed\"><i class=\"fas fa-plus\"><\/i><\/span>\n\t\t\t\t\t\t\t\t<span class=\"elementor-accordion-icon-opened\"><i class=\"fas fa-minus\"><\/i><\/span>\n\t\t\t\t\t\t\t\t\t\t\t\t\t\t<\/span>\n\t\t\t\t\t\t\t\t\t\t\t\t<a class=\"elementor-accordion-title\" tabindex=\"0\">OBJETIVOS<\/a>\n\t\t\t\t\t<\/div>\n\t\t\t\t\t<div id=\"elementor-tab-content-1974\" class=\"elementor-tab-content elementor-clearfix\" data-tab=\"4\" role=\"region\" aria-labelledby=\"elementor-tab-title-1974\"><ul><li>Ayudar a <em>scaleups B2B<\/em> a acelerar clientes.<\/li><li>Ofrecer visi\u00f3n externa y soluciones de implantaci\u00f3n r\u00e1pida para las prioridades empresariales en cualquier \u00e1rea.<\/li><\/ul><\/div>\n\t\t\t\t<\/div>\n\t\t\t\t\t\t\t<div class=\"elementor-accordion-item\">\n\t\t\t\t\t<div id=\"elementor-tab-title-1975\" class=\"elementor-tab-title\" data-tab=\"5\" role=\"button\" aria-controls=\"elementor-tab-content-1975\" aria-expanded=\"false\">\n\t\t\t\t\t\t\t\t\t\t\t\t\t<span class=\"elementor-accordion-icon elementor-accordion-icon-left\" aria-hidden=\"true\">\n\t\t\t\t\t\t\t\t\t\t\t\t\t\t\t<span class=\"elementor-accordion-icon-closed\"><i class=\"fas fa-plus\"><\/i><\/span>\n\t\t\t\t\t\t\t\t<span class=\"elementor-accordion-icon-opened\"><i class=\"fas fa-minus\"><\/i><\/span>\n\t\t\t\t\t\t\t\t\t\t\t\t\t\t<\/span>\n\t\t\t\t\t\t\t\t\t\t\t\t<a class=\"elementor-accordion-title\" tabindex=\"0\">MODALIDADES<\/a>\n\t\t\t\t\t<\/div>\n\t\t\t\t\t<div id=\"elementor-tab-content-1975\" class=\"elementor-tab-content elementor-clearfix\" data-tab=\"5\" role=\"region\" aria-labelledby=\"elementor-tab-title-1975\"><p>Los Premios reconocer\u00e1n a los mejores <span style=\"color: #ff0000;\">CASOS<\/span> de colaboraci\u00f3n cliente-proveedor empresa-<em>scaleup<\/em> mediante soluciones innovadoras de implantaci\u00f3n r\u00e1pida procedentes de <em>scaleups<\/em>.<\/p>\n<p>Se convocan en seis modalidades:<\/p>\n<ul>\n<li><span style=\"color: #ff0000;\"><em>Marketing y Ventas <\/em><\/span>(relacionados con \u00e1reas de Marketing y Ventas de grandes empresas).<\/li>\n<li><span style=\"color: #ff0000;\"><em>Recursos Humanos <\/em><\/span>(relacionados con \u00e1reas de Recursos Humanos de grandes empresas).<\/li>\n<li><span style=\"color: #ff0000;\"><em>Operaciones y Procesos <\/em><\/span>(relacionados con \u00e1reas de Operaciones y Procesos de grandes empresas).<\/li>\n<li><span style=\"color: #ff0000;\"><em>Industria 4.0<\/em><\/span> (relacionados con la automatizaci\u00f3n, transformaci\u00f3n y eficiencia de los procesos productivos de las f\u00e1bricas de empresas industriales gracias a tecnolog\u00edas digitales).<\/li>\n<li><span style=\"color: #ff0000;\"><em>PYMEs <\/em><\/span>(relacionados con PYMEs en cualquiera de sus \u00e1reas de gesti\u00f3n).<\/li>\n<li><em><span style=\"color: #ff0000;\">COVID-19 <\/span><\/em>(relacionados con empresas y otras entidades en cualquiera de sus \u00e1reas de gesti\u00f3n, en el contexto de los cambios generados por la COVID-19).<\/li>\n<\/ul>\n<p>En cada una de ellas, el Premio se otorgar\u00e1 al <span style=\"color: #ff0000;\">CASO<\/span> de relaci\u00f3n <em>scaleup<\/em>-empresa que tenga un mayor efecto demostraci\u00f3n para el sector empresarial.<\/p><\/div>\n\t\t\t\t<\/div>\n\t\t\t\t\t\t\t<div class=\"elementor-accordion-item\">\n\t\t\t\t\t<div id=\"elementor-tab-title-1976\" class=\"elementor-tab-title\" data-tab=\"6\" role=\"button\" aria-controls=\"elementor-tab-content-1976\" aria-expanded=\"false\">\n\t\t\t\t\t\t\t\t\t\t\t\t\t<span class=\"elementor-accordion-icon elementor-accordion-icon-left\" aria-hidden=\"true\">\n\t\t\t\t\t\t\t\t\t\t\t\t\t\t\t<span class=\"elementor-accordion-icon-closed\"><i class=\"fas fa-plus\"><\/i><\/span>\n\t\t\t\t\t\t\t\t<span class=\"elementor-accordion-icon-opened\"><i class=\"fas fa-minus\"><\/i><\/span>\n\t\t\t\t\t\t\t\t\t\t\t\t\t\t<\/span>\n\t\t\t\t\t\t\t\t\t\t\t\t<a class=\"elementor-accordion-title\" tabindex=\"0\">PREMIO<\/a>\n\t\t\t\t\t<\/div>\n\t\t\t\t\t<div id=\"elementor-tab-content-1976\" class=\"elementor-tab-content elementor-clearfix\" data-tab=\"6\" role=\"region\" aria-labelledby=\"elementor-tab-title-1976\"><p>Los premios consisten en un reconocimiento p\u00fablico y en la divulgaci\u00f3n en medios y actividades relacionadas con <strong>Empresa<\/strong><span style=\"color: #ff0000;\"><strong>&amp;<\/strong><\/span><strong>Sociedad<\/strong>.<\/p><p>\u00a0<\/p><\/div>\n\t\t\t\t<\/div>\n\t\t\t\t\t\t\t<div class=\"elementor-accordion-item\">\n\t\t\t\t\t<div id=\"elementor-tab-title-1977\" class=\"elementor-tab-title\" data-tab=\"7\" role=\"button\" aria-controls=\"elementor-tab-content-1977\" aria-expanded=\"false\">\n\t\t\t\t\t\t\t\t\t\t\t\t\t<span class=\"elementor-accordion-icon elementor-accordion-icon-left\" aria-hidden=\"true\">\n\t\t\t\t\t\t\t\t\t\t\t\t\t\t\t<span class=\"elementor-accordion-icon-closed\"><i class=\"fas fa-plus\"><\/i><\/span>\n\t\t\t\t\t\t\t\t<span class=\"elementor-accordion-icon-opened\"><i class=\"fas fa-minus\"><\/i><\/span>\n\t\t\t\t\t\t\t\t\t\t\t\t\t\t<\/span>\n\t\t\t\t\t\t\t\t\t\t\t\t<a class=\"elementor-accordion-title\" tabindex=\"0\">SOBRE LAS CANDIDATURAS<\/a>\n\t\t\t\t\t<\/div>\n\t\t\t\t\t<div id=\"elementor-tab-content-1977\" class=\"elementor-tab-content elementor-clearfix\" data-tab=\"7\" role=\"region\" aria-labelledby=\"elementor-tab-title-1977\"><p>Los CASOS candidatos deber\u00e1n ser presentados <u>conjuntamente<\/u> por la pareja de <em>scaleup<\/em> y empresa (o empresas).<\/p><p>Cada <em>scaleup<\/em> y cada empresa podr\u00e1 formar parte de m\u00e1s de una candidatura.<\/p><p>El primer paso para presentar una candidatura en cualquier modalidad es realizar cuanto antes una <strong>preinscripci\u00f3n<\/strong>, completando y enviando el cuestionario al que se puede acceder <a href=\"https:\/\/docs.google.com\/forms\/d\/e\/1FAIpQLSe9UTfF3uClJAXaKD9qj2je3bIHlQU-EPcCmbrOPEW8xdfdFg\/viewform\">pinchando aqu\u00ed<\/a>. Una vez recibida la preinscripci\u00f3n, <strong>Empresa<\/strong><span style=\"color: #ff0000;\"><strong>&amp;<\/strong><\/span><strong>Sociedad <\/strong>contactar\u00e1 con quien indique el cuestionario para enviarle el formulario de candidatura y solucionar las posibles dudas.<\/p><p><strong>Empresa<\/strong><span style=\"color: #ff0000;\"><strong>&amp;<\/strong><\/span><strong>Sociedad <\/strong>podr\u00e1 solicitar informaci\u00f3n sensible si la considera relevante para que el Jurado pueda evaluar comparativamente las candidaturas. En cualquier caso tendr\u00e1 un tratamiento ESTRICTAMENTE CONFIDENCIAL y solo a esos efectos.<\/p><p><strong>Empresa<\/strong><span style=\"color: #ff0000;\"><strong>&amp;<\/strong><\/span><strong>Sociedad <\/strong>podr\u00e1 reclasificar candidaturas cuando considere que tienen m\u00e1s sentido para los Premios en una modalidad diferente a la elegida por el candidato.<\/p><p>El l\u00edmite de presentaci\u00f3n de candidaturas ser\u00e1 a las 13:00 horas del <u>lunes 5 de octubre de 2020<\/u>.<\/p><p>Los Premios se entregar\u00e1n en el \u00faltimo trimestre de 2020 en Madrid, en fecha a determinar.<\/p><p>La presentaci\u00f3n de la candidatura compromete a cada candidatura a aceptar la decisi\u00f3n del jurado, renunciando a cualquier apelaci\u00f3n.<\/p><p>Los candidatos, por el hecho de presentarse, ceden a <strong>Empresa<\/strong><span style=\"color: #ff0000;\"><strong>&amp;<\/strong><\/span><strong>Sociedad <\/strong>los derechos de uso de la informaci\u00f3n presentada a efectos divulgativos relacionados con los objetivos de los Premios, salvo la indicada por el emprendedor como confidencial o especialmente sensible.<\/p><p><strong>Empresa<\/strong><span style=\"color: #ff0000;\"><strong>&amp;<\/strong><\/span><strong>Sociedad <\/strong>se compromete a tratar confidencialmente toda la informaci\u00f3n y documentaci\u00f3n sensible presentada por los candidatos.<\/p><\/div>\n\t\t\t\t<\/div>\n\t\t\t\t\t\t\t<div class=\"elementor-accordion-item\">\n\t\t\t\t\t<div id=\"elementor-tab-title-1978\" class=\"elementor-tab-title\" data-tab=\"8\" role=\"button\" aria-controls=\"elementor-tab-content-1978\" aria-expanded=\"false\">\n\t\t\t\t\t\t\t\t\t\t\t\t\t<span class=\"elementor-accordion-icon elementor-accordion-icon-left\" aria-hidden=\"true\">\n\t\t\t\t\t\t\t\t\t\t\t\t\t\t\t<span class=\"elementor-accordion-icon-closed\"><i class=\"fas fa-plus\"><\/i><\/span>\n\t\t\t\t\t\t\t\t<span class=\"elementor-accordion-icon-opened\"><i class=\"fas fa-minus\"><\/i><\/span>\n\t\t\t\t\t\t\t\t\t\t\t\t\t\t<\/span>\n\t\t\t\t\t\t\t\t\t\t\t\t<a class=\"elementor-accordion-title\" tabindex=\"0\">ECOSISTEMA<\/a>\n\t\t\t\t\t<\/div>\n\t\t\t\t\t<div id=\"elementor-tab-content-1978\" class=\"elementor-tab-content elementor-clearfix\" data-tab=\"8\" role=\"region\" aria-labelledby=\"elementor-tab-title-1978\"><p>Los <strong>Premios COMPRENDEDOR<\/strong>&nbsp;se gestionan en el contexto del <strong>Ecosistema B<span style=\"color: #ff0000;\">2<\/span>B<\/strong>&nbsp;de <a href=\"https:\/\/www.empresaysociedad.org\/empresa\/\">Empresa&amp;Sociedad<\/a>. Es un ecosistema creado para \u201cgenerar cambio social mediante una respuesta \u00e1gil a retos empresariales con soluciones innovadoras de implantaci\u00f3n r\u00e1pida procedentes de <em>scaleups<\/em> seleccionadas\u201d.<\/p>\n<p>El formato colaborativo permite optimizar sinergias y econom\u00edas de escala entre sus empresas y scaleups asociadas, favorecer la ayuda mutua e impulsar el cambio social impl\u00edcito a <strong>Empresa<span style=\"color: #ff0000;\">&amp;<\/span>Sociedad<\/strong>.<\/p><\/div>\n\t\t\t\t<\/div>\n\t\t\t\t\t\t\t<div class=\"elementor-accordion-item\">\n\t\t\t\t\t<div id=\"elementor-tab-title-1979\" class=\"elementor-tab-title\" data-tab=\"9\" role=\"button\" aria-controls=\"elementor-tab-content-1979\" aria-expanded=\"false\">\n\t\t\t\t\t\t\t\t\t\t\t\t\t<span class=\"elementor-accordion-icon elementor-accordion-icon-left\" aria-hidden=\"true\">\n\t\t\t\t\t\t\t\t\t\t\t\t\t\t\t<span class=\"elementor-accordion-icon-closed\"><i class=\"fas fa-plus\"><\/i><\/span>\n\t\t\t\t\t\t\t\t<span class=\"elementor-accordion-icon-opened\"><i class=\"fas fa-minus\"><\/i><\/span>\n\t\t\t\t\t\t\t\t\t\t\t\t\t\t<\/span>\n\t\t\t\t\t\t\t\t\t\t\t\t<a class=\"elementor-accordion-title\" tabindex=\"0\">ASOCIACI\u00d3N A EMPRESA&SOCIEDAD<\/a>\n\t\t\t\t\t<\/div>\n\t\t\t\t\t<div id=\"elementor-tab-content-1979\" class=\"elementor-tab-content elementor-clearfix\" data-tab=\"9\" role=\"region\" aria-labelledby=\"elementor-tab-title-1979\"><p>Los <strong>Premios COMPRENDEDOR<\/strong> est\u00e1n restringidos a CASOS en los que participen <a href=\"https:\/\/scaleupsb2b.org\/tag\/asociadaaempresaysociedad\/\"><em>Scaleups<\/em> Asociadas<\/a> a <strong>Empresa<span style=\"color: #ff0000;\">&amp;<\/span>Sociedad<\/strong>. Pero las\u00a0<em>scaleups<\/em> interesadas en los Premios que no est\u00e9n asociadas pueden asociarse\u00a0al presentar su candidatura.\u00a0<\/p><p>La asociaci\u00f3n a\u00a0<span style=\"font-weight: bold;\">Empresa<\/span><span style=\"color: #ff0000;\"><span style=\"font-weight: bold;\">&amp;<\/span><\/span><span style=\"font-weight: bold;\">Sociedad<\/span>\u00a0refleja que la\u00a0<em>scaleup<\/em>\u00a0candidata forma parte de un proyecto colaborativo de ayuda mutua entre sus asociadas y transformador de la sociedad, que trasciende a los Premios habituales. Su\u00a0doble objetivo es el que subrayan los Premios:<\/p><ul><li>Ayudar a <em>scaleups B2B<\/em> a acelerar clientes.<\/li><li>Ofrecer visi\u00f3n externa y soluciones de implantaci\u00f3n r\u00e1pida para las prioridades empresariales en cualquier \u00e1rea.<\/li><\/ul><p>El importe de la cuota anual es de 300 euros (m\u00e1s IVA).<\/p><p>Sus contrapartidas son:<\/p><ul><li>La comunicaci\u00f3n especial vinculada a los Premios sobre el CASO para ganadores y finalistas (notas de prensa, noticias web, informaci\u00f3n en RRSS, divulgaci\u00f3n del video de candidatura, presencia destacada en el <a href=\"https:\/\/scaleupsb2b.org\/scaleups\/\">BUSCADOR de Scaleups<\/a> de <strong>Empresa<span style=\"color: #ff0000;\">&amp;<\/span>Sociedad<\/strong>).<\/li><li>Un a\u00f1o de los <a href=\"https:\/\/www.empresaysociedad.org\/empresa\/unete-a-empresa-y-sociedad-como-socio-emprendedor\/\">servicios b\u00e1sicos<\/a> habituales de <strong>Empresa<\/strong><span style=\"color: #ff0000;\"><strong>&amp;<\/strong><\/span><strong>Sociedad<\/strong> para las <em>scaleups<\/em> Asociadas, enfocados a ayudarles a posicionarse y a crecer en clientes empresariales.\u00a0<\/li><\/ul><\/div>\n\t\t\t\t<\/div>\n\t\t\t\t\t\t\t<div class=\"elementor-accordion-item\">\n\t\t\t\t\t<div id=\"elementor-tab-title-19710\" class=\"elementor-tab-title\" data-tab=\"10\" role=\"button\" aria-controls=\"elementor-tab-content-19710\" aria-expanded=\"false\">\n\t\t\t\t\t\t\t\t\t\t\t\t\t<span class=\"elementor-accordion-icon elementor-accordion-icon-left\" aria-hidden=\"true\">\n\t\t\t\t\t\t\t\t\t\t\t\t\t\t\t<span class=\"elementor-accordion-icon-closed\"><i class=\"fas fa-plus\"><\/i><\/span>\n\t\t\t\t\t\t\t\t<span class=\"elementor-accordion-icon-opened\"><i class=\"fas fa-minus\"><\/i><\/span>\n\t\t\t\t\t\t\t\t\t\t\t\t\t\t<\/span>\n\t\t\t\t\t\t\t\t\t\t\t\t<a class=\"elementor-accordion-title\" tabindex=\"0\">JURADO<\/a>\n\t\t\t\t\t<\/div>\n\t\t\t\t\t<div id=\"elementor-tab-content-19710\" class=\"elementor-tab-content elementor-clearfix\" data-tab=\"10\" role=\"region\" aria-labelledby=\"elementor-tab-title-19710\"><p>El jurado estar\u00e1 formado por personas conocedoras de los \u00e1mbitos relacionados con los <strong>Premios COMPRENDEDOR<\/strong>. Ser\u00e1 confidencial hasta que se haga p\u00fablico el fallo.<\/p><\/div>\n\t\t\t\t<\/div>\n\t\t\t\t\t\t\t<div class=\"elementor-accordion-item\">\n\t\t\t\t\t<div id=\"elementor-tab-title-19711\" class=\"elementor-tab-title\" data-tab=\"11\" role=\"button\" aria-controls=\"elementor-tab-content-19711\" aria-expanded=\"false\">\n\t\t\t\t\t\t\t\t\t\t\t\t\t<span class=\"elementor-accordion-icon elementor-accordion-icon-left\" aria-hidden=\"true\">\n\t\t\t\t\t\t\t\t\t\t\t\t\t\t\t<span class=\"elementor-accordion-icon-closed\"><i class=\"fas fa-plus\"><\/i><\/span>\n\t\t\t\t\t\t\t\t<span class=\"elementor-accordion-icon-opened\"><i class=\"fas fa-minus\"><\/i><\/span>\n\t\t\t\t\t\t\t\t\t\t\t\t\t\t<\/span>\n\t\t\t\t\t\t\t\t\t\t\t\t<a class=\"elementor-accordion-title\" tabindex=\"0\">CRITERIOS DE EVALUACI\u00d3N<\/a>\n\t\t\t\t\t<\/div>\n\t\t\t\t\t<div id=\"elementor-tab-content-19711\" class=\"elementor-tab-content elementor-clearfix\" data-tab=\"11\" role=\"region\" aria-labelledby=\"elementor-tab-title-19711\"><p>El jurado evaluar\u00e1 las candidaturas de cada modalidad <b>comparativamente<\/b> considerando principalmente estos criterios:<\/p>\n<ul>\n<li><b>Innovaci\u00f3n y efecto demostraci\u00f3n<\/b> en el sector empresarial como soluci\u00f3n innovadora de <b>implantaci\u00f3n r\u00e1pida<\/b>.<\/li>\n<li><b>Escalabilidad y universalidad<\/b> de la soluci\u00f3n.<\/li>\n<li><b>Indicadores clave<\/b> <b>del CASO<\/b>.<\/li>\n<li><b>Indicadores clave de crecimiento<\/b> <b>de la <em>scaleup<\/em><\/b>.<\/li>\n<li>Aplicaci\u00f3n de <b>PRINCIPIOS de COMPRA INNOVADORA<\/b> por parte de la empresa.<\/li>\n<li>Participaci\u00f3n activa en <b>foros e iniciativas colaborativas<\/b> de impulso y apoyo al mundo emprendedor.<\/li>\n<\/ul><\/div>\n\t\t\t\t<\/div>\n\t\t\t\t\t\t\t<div class=\"elementor-accordion-item\">\n\t\t\t\t\t<div id=\"elementor-tab-title-19712\" class=\"elementor-tab-title\" data-tab=\"12\" role=\"button\" aria-controls=\"elementor-tab-content-19712\" aria-expanded=\"false\">\n\t\t\t\t\t\t\t\t\t\t\t\t\t<span class=\"elementor-accordion-icon elementor-accordion-icon-left\" aria-hidden=\"true\">\n\t\t\t\t\t\t\t\t\t\t\t\t\t\t\t<span class=\"elementor-accordion-icon-closed\"><i class=\"fas fa-plus\"><\/i><\/span>\n\t\t\t\t\t\t\t\t<span class=\"elementor-accordion-icon-opened\"><i class=\"fas fa-minus\"><\/i><\/span>\n\t\t\t\t\t\t\t\t\t\t\t\t\t\t<\/span>\n\t\t\t\t\t\t\t\t\t\t\t\t<a class=\"elementor-accordion-title\" tabindex=\"0\">PRINCIPIOS DE COMPRA INNOVADORA<\/a>\n\t\t\t\t\t<\/div>\n\t\t\t\t\t<div id=\"elementor-tab-content-19712\" class=\"elementor-tab-content elementor-clearfix\" data-tab=\"12\" role=\"region\" aria-labelledby=\"elementor-tab-title-19712\"><p><strong>Empresa<span style=\"color: #ff0000;\">&amp;<\/span>Sociedad<\/strong> promueve que las entidades que trabajan con <em>scaleups<\/em> apliquen unos Procedimientos de Compra que ayuden simult\u00e1neamente a:<\/p><ul><li>Incorporar bienes o servicios innovadores.<\/li><li>Impulsar el tejido empresarial joven que representan las <i>scaleups<\/i>.<\/li><li>Mejorar la experiencia de las <em>scaleups<\/em> como proveedores.<\/li><\/ul><p>Se basan en siguientes principios, conocidos como <strong>Principios de Compra Innovadora<\/strong>:<\/p><ol><li>Legalidad, lealtad y buena fe.<\/li><li>Impacto global en la entidad convocante, atendiendo a la relaci\u00f3n entre inversi\u00f3n y retorno.<\/li><li>Implicaci\u00f3n y aprendizaje abierto a oportunidades procedentes de <i>scaleups<\/i>.<\/li><li>Cambio social, especialmente en el impulso a la generaci\u00f3n del tejido empresarial que representan las <i>scaleups<\/i><i>.<\/i><\/li><li>Confidencialidad en todos los aspectos sensibles.<\/li><li>Transparencia en la informaci\u00f3n no confidencial de la convocatoria, adjudicaci\u00f3n y ejecuci\u00f3n, incluyendo la respuesta a preguntas y el <i>feedback<\/i> a las <i>scaleups<\/i>.<\/li><li>Impacto en la sociedad, incorporando objetivos de inter\u00e9s general en el marco de los ODS.<\/li><li>Colaboraci\u00f3n y conexi\u00f3n con otros actores del sistema de innovaci\u00f3n, aprovechando sinergias y econom\u00edas de escala.<\/li><li>Comportamiento humano y \u00e9tico, sobre todo en:<ul><li>La recepci\u00f3n, an\u00e1lisis, adjudicaci\u00f3n y respuesta a los candidatos.<\/li><li>La propiedad intelectual de la propuesta de la <i>scaleup<\/i>.<\/li><li>La financiaci\u00f3n de las pruebas piloto para cubrir los costes de la <i>scaleup<\/i>.<\/li><li>La firma del contrato de servicios con anterioridad al inicio del trabajo.<\/li><li>El uso del contenido de las propuestas solo para su evaluaci\u00f3n, nunca para redactar futuras convocatorias ni presionar a otros candidatos.<\/li><li>El cumplimiento de los plazos de la convocatoria.<\/li><li>La adaptaci\u00f3n de los plazos e importes de pago a los costes incurridos por la <i>scaleup<\/i><i>.<\/i><\/li><li>El precio cerrado a lo indicado en la propuesta.<\/li><\/ul><\/li><li>Prestigiar y expandir estos Principios de Compra Innovadora.<\/li><\/ol><p><a href=\"https:\/\/www.empresaysociedad.org\/empresa\/principios-de-compra-innovadora-que-promueve-empresa-y-sociedad\/\">M\u00e1s informaci\u00f3n.<\/a><\/p><\/div>\n\t\t\t\t<\/div>\n\t\t\t\t\t\t\t<div class=\"elementor-accordion-item\">\n\t\t\t\t\t<div id=\"elementor-tab-title-19713\" class=\"elementor-tab-title\" data-tab=\"13\" role=\"button\" aria-controls=\"elementor-tab-content-19713\" aria-expanded=\"false\">\n\t\t\t\t\t\t\t\t\t\t\t\t\t<span class=\"elementor-accordion-icon elementor-accordion-icon-left\" aria-hidden=\"true\">\n\t\t\t\t\t\t\t\t\t\t\t\t\t\t\t<span class=\"elementor-accordion-icon-closed\"><i class=\"fas fa-plus\"><\/i><\/span>\n\t\t\t\t\t\t\t\t<span class=\"elementor-accordion-icon-opened\"><i class=\"fas fa-minus\"><\/i><\/span>\n\t\t\t\t\t\t\t\t\t\t\t\t\t\t<\/span>\n\t\t\t\t\t\t\t\t\t\t\t\t<a class=\"elementor-accordion-title\" tabindex=\"0\">\u00bfTIENES ALGUNA PREGUNTA?<\/a>\n\t\t\t\t\t<\/div>\n\t\t\t\t\t<div id=\"elementor-tab-content-19713\" class=\"elementor-tab-content elementor-clearfix\" data-tab=\"13\" role=\"region\" aria-labelledby=\"elementor-tab-title-19713\"><p>Encantados de hablar contigo:<\/p><div class=\"vc_row wpb_row vc_inner vc_row-fluid animated fadeIn\"><div class=\"wpb_column vc_column_container vc_col-sm-9\"><div class=\"vc_column-inner\"><div class=\"wpb_wrapper\"><div id=\"ultimate-heading-21095ecf96929a95d\" class=\"uvc-heading ult-adjust-bottom-margin ultimate-heading-21095ecf96929a95d uvc-8933 \" data-hspacer=\"no_spacer\" data-halign=\"left\"><ul><li class=\"uvc-sub-heading ult-responsive\" data-ultimate-target=\".uvc-heading.ultimate-heading-21095ecf96929a95d .uvc-sub-heading \" data-responsive-json-new=\"{\"><a href=\"mailto:b2b@empresaysociedad.org\">B2B@empresaysociedad.org<\/a><\/li><\/ul><\/div><\/div><\/div><\/div><\/div><div class=\"vc_row wpb_row vc_inner vc_row-fluid animated fadeIn\"><div class=\"wpb_column vc_column_container vc_col-sm-3\"><div class=\"vc_column-inner\"><div class=\"wpb_wrapper\"><div class=\"ult-just-icon-wrapper change-align-mobile \"><div class=\"align-icon\"><div class=\"aio-tooltip 5ecf96929acb3\" title=\"\" data-toggle=\"tooltip\" data-placement=\"left\" data-original-title=\"Phone\"><ul><li class=\"aio-icon advanced \">(+34) 650 108 075<\/li><\/ul><\/div><\/div><\/div><\/div><\/div><\/div><\/div><\/div>\n\t\t\t\t<\/div>\n\t\t\t\t\t\t\t\t<\/div>\n\t\t\t\t\t\t<\/div>\n\t\t\t\t<\/div>\n\t\t\t\t\t<\/div>\n\t\t<\/div>\n\t\t\t\t\t<\/div>\n\t\t<\/section>\n\t\t\t\t<section class=\"elementor-section elementor-top-section elementor-element elementor-element-3911352 elementor-section-boxed elementor-section-height-default elementor-section-height-default\" data-id=\"3911352\" data-element_type=\"section\">\n\t\t\t\t\t\t<div class=\"elementor-container elementor-column-gap-default\">\n\t\t\t\t\t<div class=\"elementor-column elementor-col-100 elementor-top-column elementor-element elementor-element-5ed9bf4\" data-id=\"5ed9bf4\" data-element_type=\"column\">\n\t\t\t<div class=\"elementor-widget-wrap elementor-element-populated\">\n\t\t\t\t\t\t<div class=\"elementor-element elementor-element-cf80115 elementor-widget elementor-widget-spacer\" data-id=\"cf80115\" data-element_type=\"widget\" data-widget_type=\"spacer.default\">\n\t\t\t\t<div class=\"elementor-widget-container\">\n\t\t\t\t\t\t\t<div class=\"elementor-spacer\">\n\t\t\t<div class=\"elementor-spacer-inner\"><\/div>\n\t\t<\/div>\n\t\t\t\t\t\t<\/div>\n\t\t\t\t<\/div>\n\t\t\t\t\t<\/div>\n\t\t<\/div>\n\t\t\t\t\t<\/div>\n\t\t<\/section>\n\t\t\t\t<\/div>\n\t\t","protected":false},"excerpt":{"rendered":"<p>PRESENTACI\u00d3N La Fundaci\u00f3n Empresa y Sociedad (Empresa&amp;Sociedad) presenta los Premios COMPRENDEDOR 2020, dirigidos a generar cambio social reconociendo\u00a0CASOS inspiradores de colaboraci\u00f3n cliente-proveedor entre empresas y scaleups mediante soluciones de implantaci\u00f3n r\u00e1pida. Convocados por primera vez en 2014, celebran este a\u00f1o su s\u00e9ptima edici\u00f3n. SCALEUPS Las scaleups son las hermanas mayores de las startups.\u00a0 A efectos &#8230; <a title=\"+ Info\" class=\"read-more\" href=\"https:\/\/www.empresaysociedad.org\/premios-comprendedor-2020\/info\/\" aria-label=\"M\u00e1s en + Info\">Leer m\u00e1s<\/a><\/p>\n","protected":false},"author":1,"featured_media":0,"parent":0,"menu_order":0,"comment_status":"closed","ping_status":"closed","template":"","meta":{"footnotes":""},"_links":{"self":[{"href":"https:\/\/www.empresaysociedad.org\/premios-comprendedor-2020\/wp-json\/wp\/v2\/pages\/6"}],"collection":[{"href":"https:\/\/www.empresaysociedad.org\/premios-comprendedor-2020\/wp-json\/wp\/v2\/pages"}],"about":[{"href":"https:\/\/www.empresaysociedad.org\/premios-comprendedor-2020\/wp-json\/wp\/v2\/types\/page"}],"author":[{"embeddable":true,"href":"https:\/\/www.empresaysociedad.org\/premios-comprendedor-2020\/wp-json\/wp\/v2\/users\/1"}],"replies":[{"embeddable":true,"href":"https:\/\/www.empresaysociedad.org\/premios-comprendedor-2020\/wp-json\/wp\/v2\/comments?post=6"}],"version-history":[{"count":44,"href":"https:\/\/www.empresaysociedad.org\/premios-comprendedor-2020\/wp-json\/wp\/v2\/pages\/6\/revisions"}],"predecessor-version":[{"id":1924,"href":"https:\/\/www.empresaysociedad.org\/premios-comprendedor-2020\/wp-json\/wp\/v2\/pages\/6\/revisions\/1924"}],"wp:attachment":[{"href":"https:\/\/www.empresaysociedad.org\/premios-comprendedor-2020\/wp-json\/wp\/v2\/media?parent=6"}],"curies":[{"name":"wp","href":"https:\/\/api.w.org\/{rel}","templated":true}]}}